{"id":942,"date":"2024-10-20T15:08:57","date_gmt":"2024-10-20T15:08:57","guid":{"rendered":"https:\/\/www.diario21.tv\/noticias\/?page_id=942"},"modified":"2024-10-20T15:09:39","modified_gmt":"2024-10-20T15:09:39","slug":"inicio","status":"publish","type":"page","link":"https:\/\/www.diario21.tv\/noticias\/","title":{"rendered":"Inicio"},"content":{"rendered":"<div class=\"gb-container gb-container-fcb71e2a\">\n<div class=\"gb-container gb-container-657bc838\">\n\n<div class=\"gb-grid-wrapper gb-grid-wrapper-864421e0 gb-query-loop-wrapper\">\n<div class=\"gb-grid-column gb-grid-column-ccacf2a0 gb-query-loop-item post-7041 post type-post status-publish format-standard has-post-thumbnail hentry category-portada\"><div class=\"gb-container gb-container-ccacf2a0\">\n<div class=\"gb-grid-wrapper gb-grid-wrapper-16b69590\">\n<div class=\"gb-grid-column gb-grid-column-a865d1e3\"><div class=\"gb-container gb-container-a865d1e3\">\n\n<h3 class=\"gb-headline gb-headline-5bc1b900 gb-headline-text\">Destacados<\/h3>\n\n\n<h2 class=\"gb-headline gb-headline-43ce9ba8 gb-headline-text\"><a href=\"https:\/\/www.diario21.tv\/noticias\/turista-apunalada-en-el-tobillo-mientras-fotografiaba-un-mirador-en-granada\/\">Turista apu\u00f1alada en el tobillo mientras fotografiaba un mirador en Granada<\/a><\/h2>\n\n<p class=\"gb-headline gb-headline-c4764ae4 gb-headline-text\"><time class=\"entry-date published\" datetime=\"2026-04-28T18:41:57+00:00\">28 abril 2026<\/time><\/p>\n\n<div class=\"gb-headline gb-headline-5c229f9d gb-headline-text\">Una turista es apu\u00f1alada en el tobillo mientras tomaba fotograf\u00edas en un mirador de Granada En un incidente alarmante, una turista sufri\u00f3 una agresi\u00f3n inesperada mientras capturaba im\u00e1genes en uno &#8230;<\/div>\n\n<a class=\"gb-button gb-button-444a99c9 gb-button-text\" href=\"https:\/\/www.diario21.tv\/noticias\/turista-apunalada-en-el-tobillo-mientras-fotografiaba-un-mirador-en-granada\/\">Seguir leyendo<\/a>\n<\/div><\/div>\n\n<div class=\"gb-grid-column gb-grid-column-9d5d6345\"><div class=\"gb-container gb-container-9d5d6345\">\n<figure class=\"gb-block-image gb-block-image-dde084dc\"><img loading=\"lazy\" decoding=\"async\" width=\"1200\" height=\"840\" src=\"https:\/\/www.diario21.tv\/noticias\/wp-content\/uploads\/2026\/04\/Turista-apunalada-en-el-tobillo-mientras-fotografiaba-un-mirador-en.jpg\" class=\"gb-image-dde084dc\" alt=\"Clava una navaja a una turista en el tobillo mientras estaba haciendo fotos en un mirador de Granada\" srcset=\"https:\/\/www.diario21.tv\/noticias\/wp-content\/uploads\/2026\/04\/Turista-apunalada-en-el-tobillo-mientras-fotografiaba-un-mirador-en.jpg 1200w, https:\/\/www.diario21.tv\/noticias\/wp-content\/uploads\/2026\/04\/Turista-apunalada-en-el-tobillo-mientras-fotografiaba-un-mirador-en-300x210.jpg 300w, https:\/\/www.diario21.tv\/noticias\/wp-content\/uploads\/2026\/04\/Turista-apunalada-en-el-tobillo-mientras-fotografiaba-un-mirador-en-1024x717.jpg 1024w, https:\/\/www.diario21.tv\/noticias\/wp-content\/uploads\/2026\/04\/Turista-apunalada-en-el-tobillo-mientras-fotografiaba-un-mirador-en-768x538.jpg 768w\" sizes=\"(max-width: 1200px) 100vw, 1200px\" \/><\/figure>\n<\/div><\/div>\n<\/div>\n<\/div><\/div>\n<\/div>\n\n<\/div>\n<\/div>\n\n<div class=\"gb-container gb-container-a6f1411a\">\n<div class=\"gb-grid-wrapper gb-grid-wrapper-4d3cd40c\">\n<div class=\"gb-grid-column gb-grid-column-7be7b8a3\"><div class=\"gb-container gb-container-7be7b8a3\">\n\n<h3 class=\"gb-headline gb-headline-d765505e gb-headline-text section-title\"><strong>Tendencia<\/strong><\/h3>\n\n<\/div><\/div>\n\n<div class=\"gb-grid-column gb-grid-column-2ddac8d3\"><div class=\"gb-container gb-container-2ddac8d3\">\n\n<a class=\"gb-button gb-button-73473320\" href=\"https:\/\/www.diario21.tv\/noticias\/tendencia\/\"><span class=\"gb-button-text\">Ver todos<\/span><span class=\"gb-icon\"><svg viewBox=\"0 0 509 511.54\" clip-rule=\"evenodd\" fill-rule=\"evenodd\" image-rendering=\"optimizeQuality\" text-rendering=\"geometricPrecision\" shape-rendering=\"geometricPrecision\" xmlns=\"http:\/\/www.w3.org\/2000\/svg\"><path d=\"M447.19 347.03c0-17.06 13.85-30.91 30.91-30.91 17.05 0 30.9 13.85 30.9 30.91v87.82c0 21.08-8.63 40.29-22.51 54.18-13.88 13.88-33.09 22.51-54.18 22.51H76.69c-21.09 0-40.3-8.63-54.18-22.51C8.63 475.14 0 455.93 0 434.85V76.69c0-21.09 8.63-40.3 22.51-54.18C36.39 8.63 55.6 0 76.69 0h86.98c17.06 0 30.9 13.85 30.9 30.9 0 17.06-13.84 30.91-30.9 30.91H76.69c-4.07 0-7.82 1.69-10.51 4.37-2.68 2.69-4.37 6.44-4.37 10.51v358.16c0 4.06 1.69 7.82 4.37 10.5 2.69 2.68 6.44 4.38 10.51 4.38h355.62c4.07 0 7.82-1.7 10.51-4.38 2.68-2.68 4.37-6.44 4.37-10.5v-87.82zm0-243.56L308.15 244.28c-11.91 12.12-31.45 12.28-43.56.37-12.11-11.91-12.28-31.45-.37-43.56L401.77 61.81H309.7c-17.06 0-30.9-13.85-30.9-30.91 0-17.05 13.84-30.9 30.9-30.9h168.4C495.15 0 509 13.85 509 30.9v165.04c0 17.06-13.85 30.9-30.9 30.9-17.06 0-30.91-13.84-30.91-30.9v-92.47z\" fill-rule=\"nonzero\"><\/path><\/svg><\/span><\/a>\n\n<\/div><\/div>\n<\/div>\n\n\n<hr class=\"wp-block-separator has-alpha-channel-opacity home-page-separator\"\/>\n\n\n\n<p class=\"has-text-align-left\"><\/p>\n\n\n\n<div class=\"gb-grid-wrapper gb-grid-wrapper-734166cf gb-query-loop-wrapper\">\n<div class=\"gb-grid-column gb-grid-column-96f58cb7 gb-query-loop-item post-910 post type-post status-publish format-standard has-post-thumbnail hentry category-tendencia\"><div class=\"gb-container gb-container-96f58cb7 home-grid\">\n<div class=\"gb-container gb-container-243398f0\">\n<div class=\"gb-grid-wrapper gb-grid-wrapper-3ee15696\">\n<div class=\"gb-grid-column gb-grid-column-38e4f0de\"><div class=\"gb-container gb-container-38e4f0de\"><div class=\"gb-inside-container\">\n<figure class=\"gb-block-image gb-block-image-722b467d\"><img loading=\"lazy\" decoding=\"async\" width=\"1200\" height=\"675\" src=\"https:\/\/www.diario21.tv\/noticias\/wp-content\/uploads\/2024\/10\/novia-revela-la-verdad.jpg\" class=\"gb-image-722b467d\" alt=\"novia revela la verdad\" srcset=\"https:\/\/www.diario21.tv\/noticias\/wp-content\/uploads\/2024\/10\/novia-revela-la-verdad.jpg 1200w, https:\/\/www.diario21.tv\/noticias\/wp-content\/uploads\/2024\/10\/novia-revela-la-verdad-300x169.jpg 300w, https:\/\/www.diario21.tv\/noticias\/wp-content\/uploads\/2024\/10\/novia-revela-la-verdad-1024x576.jpg 1024w, https:\/\/www.diario21.tv\/noticias\/wp-content\/uploads\/2024\/10\/novia-revela-la-verdad-768x432.jpg 768w\" sizes=\"(max-width: 1200px) 100vw, 1200px\" \/><\/figure>\n\n<h3 class=\"gb-headline gb-headline-9d60922b gb-headline-text\"><a href=\"https:\/\/www.diario21.tv\/noticias\/esta-novia-revela-la-verdad-de-la-manana-despues-de-la-boda-con-un-selfie-divertido\/\">Esta novia revela la verdad de la ma\u00f1ana despu\u00e9s de la boda con un selfie divertido<\/a><\/h3>\n\n<p class=\"gb-headline gb-headline-1b7b1055 gb-headline-text\"><time class=\"entry-date published\" datetime=\"2024-10-23T11:00:43+00:00\">23 octubre 2024<\/time><\/p>\n\n<p class=\"gb-headline gb-headline-cf4eb4cf gb-headline-text\">Las bodas son esos momentos que parecen sacados de un cuento de hadas: vestidos deslumbrantes, &#8230;<\/p>\n<\/div><\/div><\/div>\n<\/div>\n<\/div>\n<\/div><\/div>\n\n<div class=\"gb-grid-column gb-grid-column-96f58cb7 gb-query-loop-item post-907 post type-post status-publish format-standard has-post-thumbnail hentry category-tendencia\"><div class=\"gb-container gb-container-96f58cb7 home-grid\">\n<div class=\"gb-container gb-container-243398f0\">\n<div class=\"gb-grid-wrapper gb-grid-wrapper-3ee15696\">\n<div class=\"gb-grid-column gb-grid-column-38e4f0de\"><div class=\"gb-container gb-container-38e4f0de\"><div class=\"gb-inside-container\">\n<figure class=\"gb-block-image gb-block-image-722b467d\"><img loading=\"lazy\" decoding=\"async\" width=\"1200\" height=\"591\" src=\"https:\/\/www.diario21.tv\/noticias\/wp-content\/uploads\/2024\/10\/baja-autoestima.jpeg\" class=\"gb-image-722b467d\" alt=\"baja autoestima\" srcset=\"https:\/\/www.diario21.tv\/noticias\/wp-content\/uploads\/2024\/10\/baja-autoestima.jpeg 1200w, https:\/\/www.diario21.tv\/noticias\/wp-content\/uploads\/2024\/10\/baja-autoestima-300x148.jpeg 300w, https:\/\/www.diario21.tv\/noticias\/wp-content\/uploads\/2024\/10\/baja-autoestima-1024x504.jpeg 1024w, https:\/\/www.diario21.tv\/noticias\/wp-content\/uploads\/2024\/10\/baja-autoestima-768x378.jpeg 768w\" sizes=\"(max-width: 1200px) 100vw, 1200px\" \/><\/figure>\n\n<h3 class=\"gb-headline gb-headline-9d60922b gb-headline-text\"><a href=\"https:\/\/www.diario21.tv\/noticias\/los-9-comportamientos-que-revelan-baja-autoestima-como-identificarlos-y-superarlos\/\">Los 9 comportamientos que revelan baja autoestima: c\u00f3mo identificarlos y superarlos<\/a><\/h3>\n\n<p class=\"gb-headline gb-headline-1b7b1055 gb-headline-text\"><time class=\"entry-date published\" datetime=\"2024-10-22T11:00:03+00:00\">22 octubre 2024<\/time><\/p>\n\n<p class=\"gb-headline gb-headline-cf4eb4cf gb-headline-text\">En el mundo actual, donde las redes sociales nos bombardean constantemente con im\u00e1genes y expectativas &#8230;<\/p>\n<\/div><\/div><\/div>\n<\/div>\n<\/div>\n<\/div><\/div>\n\n<div class=\"gb-grid-column gb-grid-column-96f58cb7 gb-query-loop-item post-879 post type-post status-publish format-standard has-post-thumbnail hentry category-tendencia\"><div class=\"gb-container gb-container-96f58cb7 home-grid\">\n<div class=\"gb-container gb-container-243398f0\">\n<div class=\"gb-grid-wrapper gb-grid-wrapper-3ee15696\">\n<div class=\"gb-grid-column gb-grid-column-38e4f0de\"><div class=\"gb-container gb-container-38e4f0de\"><div class=\"gb-inside-container\">\n<figure class=\"gb-block-image gb-block-image-722b467d\"><img loading=\"lazy\" decoding=\"async\" width=\"1200\" height=\"675\" src=\"https:\/\/www.diario21.tv\/noticias\/wp-content\/uploads\/2024\/10\/reaccion-de-un-gato.jpg\" class=\"gb-image-722b467d\" alt=\"reacci\u00f3n de un gato\" srcset=\"https:\/\/www.diario21.tv\/noticias\/wp-content\/uploads\/2024\/10\/reaccion-de-un-gato.jpg 1200w, https:\/\/www.diario21.tv\/noticias\/wp-content\/uploads\/2024\/10\/reaccion-de-un-gato-300x169.jpg 300w, https:\/\/www.diario21.tv\/noticias\/wp-content\/uploads\/2024\/10\/reaccion-de-un-gato-1024x576.jpg 1024w, https:\/\/www.diario21.tv\/noticias\/wp-content\/uploads\/2024\/10\/reaccion-de-un-gato-768x432.jpg 768w\" sizes=\"(max-width: 1200px) 100vw, 1200px\" \/><\/figure>\n\n<h3 class=\"gb-headline gb-headline-9d60922b gb-headline-text\"><a href=\"https:\/\/www.diario21.tv\/noticias\/este-video-de-la-reaccion-de-un-gato-al-ver-a-su-dueno-con-otro-gatito-se-vuelve-viral\/\">Este video de la reacci\u00f3n de un gato al ver a su due\u00f1o con otro gatito se vuelve viral<\/a><\/h3>\n\n<p class=\"gb-headline gb-headline-1b7b1055 gb-headline-text\"><time class=\"entry-date published\" datetime=\"2024-10-21T11:00:57+00:00\">21 octubre 2024<\/time><\/p>\n\n<p class=\"gb-headline gb-headline-cf4eb4cf gb-headline-text\">Es uno de esos momentos que derriten corazones y que, gracias a las redes sociales, &#8230;<\/p>\n<\/div><\/div><\/div>\n<\/div>\n<\/div>\n<\/div><\/div>\n\n<div class=\"gb-grid-column gb-grid-column-96f58cb7 gb-query-loop-item post-872 post type-post status-publish format-standard has-post-thumbnail hentry category-tendencia\"><div class=\"gb-container gb-container-96f58cb7 home-grid\">\n<div class=\"gb-container gb-container-243398f0\">\n<div class=\"gb-grid-wrapper gb-grid-wrapper-3ee15696\">\n<div class=\"gb-grid-column gb-grid-column-38e4f0de\"><div class=\"gb-container gb-container-38e4f0de\"><div class=\"gb-inside-container\">\n<figure class=\"gb-block-image gb-block-image-722b467d\"><img loading=\"lazy\" decoding=\"async\" width=\"1200\" height=\"675\" src=\"https:\/\/www.diario21.tv\/noticias\/wp-content\/uploads\/2024\/10\/Descubierto-en-el-hielo-de-la-Antartida.jpeg\" class=\"gb-image-722b467d\" alt=\"Descubierto en el hielo de la Ant\u00e1rtida\" srcset=\"https:\/\/www.diario21.tv\/noticias\/wp-content\/uploads\/2024\/10\/Descubierto-en-el-hielo-de-la-Antartida.jpeg 1200w, https:\/\/www.diario21.tv\/noticias\/wp-content\/uploads\/2024\/10\/Descubierto-en-el-hielo-de-la-Antartida-300x169.jpeg 300w, https:\/\/www.diario21.tv\/noticias\/wp-content\/uploads\/2024\/10\/Descubierto-en-el-hielo-de-la-Antartida-1024x576.jpeg 1024w, https:\/\/www.diario21.tv\/noticias\/wp-content\/uploads\/2024\/10\/Descubierto-en-el-hielo-de-la-Antartida-768x432.jpeg 768w\" sizes=\"(max-width: 1200px) 100vw, 1200px\" \/><\/figure>\n\n<h3 class=\"gb-headline gb-headline-9d60922b gb-headline-text\"><a href=\"https:\/\/www.diario21.tv\/noticias\/estas-fotos-tomadas-hace-mas-de-100-anos-fueron-encontradas-en-el-hielo-de-la-antartida\/\">Estas fotos tomadas hace m\u00e1s de 100 a\u00f1os fueron encontradas en el hielo de la Ant\u00e1rtida<\/a><\/h3>\n\n<p class=\"gb-headline gb-headline-1b7b1055 gb-headline-text\"><time class=\"entry-date published\" datetime=\"2024-10-20T11:00:54+00:00\">20 octubre 2024<\/time><\/p>\n\n<p class=\"gb-headline gb-headline-cf4eb4cf gb-headline-text\">En el inmenso y helado desierto de la Ant\u00e1rtida, se ha producido un hallazgo que &#8230;<\/p>\n<\/div><\/div><\/div>\n<\/div>\n<\/div>\n<\/div><\/div>\n\n<div class=\"gb-grid-column gb-grid-column-96f58cb7 gb-query-loop-item post-868 post type-post status-publish format-standard has-post-thumbnail hentry category-tendencia\"><div class=\"gb-container gb-container-96f58cb7 home-grid\">\n<div class=\"gb-container gb-container-243398f0\">\n<div class=\"gb-grid-wrapper gb-grid-wrapper-3ee15696\">\n<div class=\"gb-grid-column gb-grid-column-38e4f0de\"><div class=\"gb-container gb-container-38e4f0de\"><div class=\"gb-inside-container\">\n<figure class=\"gb-block-image gb-block-image-722b467d\"><img loading=\"lazy\" decoding=\"async\" width=\"1200\" height=\"807\" src=\"https:\/\/www.diario21.tv\/noticias\/wp-content\/uploads\/2024\/10\/Su-esposa-esta-sobrecargada-de-trabajo.jpg\" class=\"gb-image-722b467d\" alt=\"Su esposa est\u00e1 sobrecargada de trabajo\" srcset=\"https:\/\/www.diario21.tv\/noticias\/wp-content\/uploads\/2024\/10\/Su-esposa-esta-sobrecargada-de-trabajo.jpg 1200w, https:\/\/www.diario21.tv\/noticias\/wp-content\/uploads\/2024\/10\/Su-esposa-esta-sobrecargada-de-trabajo-300x202.jpg 300w, https:\/\/www.diario21.tv\/noticias\/wp-content\/uploads\/2024\/10\/Su-esposa-esta-sobrecargada-de-trabajo-1024x689.jpg 1024w, https:\/\/www.diario21.tv\/noticias\/wp-content\/uploads\/2024\/10\/Su-esposa-esta-sobrecargada-de-trabajo-768x516.jpg 768w\" sizes=\"(max-width: 1200px) 100vw, 1200px\" \/><\/figure>\n\n<h3 class=\"gb-headline gb-headline-9d60922b gb-headline-text\"><a href=\"https:\/\/www.diario21.tv\/noticias\/su-esposa-esta-sobrecargada-de-trabajo-asi-que-su-marido-contacta-a-su-jefe-sin-avisarle-provocando-su-enojo\/\">Su esposa est\u00e1 sobrecargada de trabajo, as\u00ed que su marido contacta a su jefe sin avisarle, provocando su enojo<\/a><\/h3>\n\n<p class=\"gb-headline gb-headline-1b7b1055 gb-headline-text\"><time class=\"entry-date published\" datetime=\"2024-10-19T11:00:37+00:00\">19 octubre 2024<\/time><\/p>\n\n<p class=\"gb-headline gb-headline-cf4eb4cf gb-headline-text\">En el ajetreado mundo laboral actual, no es extra\u00f1o que el equilibrio entre el trabajo &#8230;<\/p>\n<\/div><\/div><\/div>\n<\/div>\n<\/div>\n<\/div><\/div>\n\n<div class=\"gb-grid-column gb-grid-column-96f58cb7 gb-query-loop-item post-863 post type-post status-publish format-standard has-post-thumbnail hentry category-tendencia\"><div class=\"gb-container gb-container-96f58cb7 home-grid\">\n<div class=\"gb-container gb-container-243398f0\">\n<div class=\"gb-grid-wrapper gb-grid-wrapper-3ee15696\">\n<div class=\"gb-grid-column gb-grid-column-38e4f0de\"><div class=\"gb-container gb-container-38e4f0de\"><div class=\"gb-inside-container\">\n<figure class=\"gb-block-image gb-block-image-722b467d\"><img loading=\"lazy\" decoding=\"async\" width=\"1200\" height=\"629\" src=\"https:\/\/www.diario21.tv\/noticias\/wp-content\/uploads\/2024\/10\/fotografiada-en-un-momento-intimo.jpg\" class=\"gb-image-722b467d\" alt=\"fotografiada en un momento \u00edntimo\" srcset=\"https:\/\/www.diario21.tv\/noticias\/wp-content\/uploads\/2024\/10\/fotografiada-en-un-momento-intimo.jpg 1200w, https:\/\/www.diario21.tv\/noticias\/wp-content\/uploads\/2024\/10\/fotografiada-en-un-momento-intimo-300x157.jpg 300w, https:\/\/www.diario21.tv\/noticias\/wp-content\/uploads\/2024\/10\/fotografiada-en-un-momento-intimo-1024x537.jpg 1024w, https:\/\/www.diario21.tv\/noticias\/wp-content\/uploads\/2024\/10\/fotografiada-en-un-momento-intimo-768x403.jpg 768w\" sizes=\"(max-width: 1200px) 100vw, 1200px\" \/><\/figure>\n\n<h3 class=\"gb-headline gb-headline-9d60922b gb-headline-text\"><a href=\"https:\/\/www.diario21.tv\/noticias\/una-mujer-es-fotografiada-en-un-momento-intimo-por-su-robot-aspirador-y-las-imagenes-terminan-en-facebook\/\">Una mujer es fotografiada en un momento \u00edntimo por su robot aspirador, y las im\u00e1genes terminan en Facebook<\/a><\/h3>\n\n<p class=\"gb-headline gb-headline-1b7b1055 gb-headline-text\"><time class=\"entry-date published\" datetime=\"2024-10-18T11:00:21+00:00\">18 octubre 2024<\/time><\/p>\n\n<p class=\"gb-headline gb-headline-cf4eb4cf gb-headline-text\">Es uno de esos temores modernos que nunca imaginamos que podr\u00edan sucedernos: ser fotografiados en &#8230;<\/p>\n<\/div><\/div><\/div>\n<\/div>\n<\/div>\n<\/div><\/div>\n<\/div>\n\n<\/div>\n\n<div class=\"gb-container gb-container-699c1b0f\">\n<div class=\"gb-grid-wrapper gb-grid-wrapper-cfd0e522\">\n<div class=\"gb-grid-column gb-grid-column-9d992de5\"><div class=\"gb-container gb-container-9d992de5\">\n\n<h3 class=\"gb-headline gb-headline-c89e0c11 gb-headline-text section-title\"><strong>Portada<\/strong><\/h3>\n\n<\/div><\/div>\n\n<div class=\"gb-grid-column gb-grid-column-170e924a\"><div class=\"gb-container gb-container-170e924a\">\n\n<a class=\"gb-button gb-button-55fd4cd6\" href=\"https:\/\/www.diario21.tv\/noticias\/portada\/\"><span class=\"gb-button-text\">Ver todos<\/span><span class=\"gb-icon\"><svg viewBox=\"0 0 509 511.54\" clip-rule=\"evenodd\" fill-rule=\"evenodd\" image-rendering=\"optimizeQuality\" text-rendering=\"geometricPrecision\" shape-rendering=\"geometricPrecision\" xmlns=\"http:\/\/www.w3.org\/2000\/svg\"><path d=\"M447.19 347.03c0-17.06 13.85-30.91 30.91-30.91 17.05 0 30.9 13.85 30.9 30.91v87.82c0 21.08-8.63 40.29-22.51 54.18-13.88 13.88-33.09 22.51-54.18 22.51H76.69c-21.09 0-40.3-8.63-54.18-22.51C8.63 475.14 0 455.93 0 434.85V76.69c0-21.09 8.63-40.3 22.51-54.18C36.39 8.63 55.6 0 76.69 0h86.98c17.06 0 30.9 13.85 30.9 30.9 0 17.06-13.84 30.91-30.9 30.91H76.69c-4.07 0-7.82 1.69-10.51 4.37-2.68 2.69-4.37 6.44-4.37 10.51v358.16c0 4.06 1.69 7.82 4.37 10.5 2.69 2.68 6.44 4.38 10.51 4.38h355.62c4.07 0 7.82-1.7 10.51-4.38 2.68-2.68 4.37-6.44 4.37-10.5v-87.82zm0-243.56L308.15 244.28c-11.91 12.12-31.45 12.28-43.56.37-12.11-11.91-12.28-31.45-.37-43.56L401.77 61.81H309.7c-17.06 0-30.9-13.85-30.9-30.91 0-17.05 13.84-30.9 30.9-30.9h168.4C495.15 0 509 13.85 509 30.9v165.04c0 17.06-13.85 30.9-30.9 30.9-17.06 0-30.91-13.84-30.91-30.9v-92.47z\" fill-rule=\"nonzero\"><\/path><\/svg><\/span><\/a>\n\n<\/div><\/div>\n<\/div>\n\n\n<hr class=\"wp-block-separator has-alpha-channel-opacity home-page-separator\"\/>\n\n\n\n<p class=\"has-text-align-left\"><\/p>\n\n\n\n<div class=\"gb-grid-wrapper gb-grid-wrapper-c19f04fb gb-query-loop-wrapper\">\n<div class=\"gb-grid-column gb-grid-column-f9cbc249 gb-query-loop-item post-7041 post type-post status-publish format-standard has-post-thumbnail hentry category-portada\"><div class=\"gb-container gb-container-f9cbc249 home-grid\">\n<div class=\"gb-container gb-container-123c6c9d\">\n<div class=\"gb-grid-wrapper gb-grid-wrapper-d17de721\">\n<div class=\"gb-grid-column gb-grid-column-93877c08\"><div class=\"gb-container gb-container-93877c08\"><div class=\"gb-inside-container\">\n<figure class=\"gb-block-image gb-block-image-52733bbc\"><img loading=\"lazy\" decoding=\"async\" width=\"1200\" height=\"840\" src=\"https:\/\/www.diario21.tv\/noticias\/wp-content\/uploads\/2026\/04\/Turista-apunalada-en-el-tobillo-mientras-fotografiaba-un-mirador-en.jpg\" class=\"gb-image-52733bbc\" alt=\"Clava una navaja a una turista en el tobillo mientras estaba haciendo fotos en un mirador de Granada\" srcset=\"https:\/\/www.diario21.tv\/noticias\/wp-content\/uploads\/2026\/04\/Turista-apunalada-en-el-tobillo-mientras-fotografiaba-un-mirador-en.jpg 1200w, https:\/\/www.diario21.tv\/noticias\/wp-content\/uploads\/2026\/04\/Turista-apunalada-en-el-tobillo-mientras-fotografiaba-un-mirador-en-300x210.jpg 300w, https:\/\/www.diario21.tv\/noticias\/wp-content\/uploads\/2026\/04\/Turista-apunalada-en-el-tobillo-mientras-fotografiaba-un-mirador-en-1024x717.jpg 1024w, https:\/\/www.diario21.tv\/noticias\/wp-content\/uploads\/2026\/04\/Turista-apunalada-en-el-tobillo-mientras-fotografiaba-un-mirador-en-768x538.jpg 768w\" sizes=\"(max-width: 1200px) 100vw, 1200px\" \/><\/figure>\n\n<h3 class=\"gb-headline gb-headline-5cdeaf67 gb-headline-text\"><a href=\"https:\/\/www.diario21.tv\/noticias\/turista-apunalada-en-el-tobillo-mientras-fotografiaba-un-mirador-en-granada\/\">Turista apu\u00f1alada en el tobillo mientras fotografiaba un mirador en Granada<\/a><\/h3>\n\n<p class=\"gb-headline gb-headline-ba86a8c6 gb-headline-text\"><time class=\"entry-date published\" datetime=\"2026-04-28T18:41:57+00:00\">28 abril 2026<\/time><\/p>\n\n<p class=\"gb-headline gb-headline-5d2e9b4c gb-headline-text\">Una turista es apu\u00f1alada en el tobillo mientras tomaba fotograf\u00edas en un mirador de Granada &#8230;<\/p>\n<\/div><\/div><\/div>\n<\/div>\n<\/div>\n<\/div><\/div>\n\n<div class=\"gb-grid-column gb-grid-column-f9cbc249 gb-query-loop-item post-7038 post type-post status-publish format-standard has-post-thumbnail hentry category-portada\"><div class=\"gb-container gb-container-f9cbc249 home-grid\">\n<div class=\"gb-container gb-container-123c6c9d\">\n<div class=\"gb-grid-wrapper gb-grid-wrapper-d17de721\">\n<div class=\"gb-grid-column gb-grid-column-93877c08\"><div class=\"gb-container gb-container-93877c08\"><div class=\"gb-inside-container\">\n<figure class=\"gb-block-image gb-block-image-52733bbc\"><img loading=\"lazy\" decoding=\"async\" width=\"1440\" height=\"750\" src=\"https:\/\/www.diario21.tv\/noticias\/wp-content\/uploads\/2026\/04\/\u00a1Alerta-en-Ciudad-Real-Chofer-escolar-detenido-por-conducir-tras.jpg\" class=\"gb-image-52733bbc\" alt=\"Denunciado en Ciudad Real un ch\u00f3fer de transporte escolar por conducir bajo los efectos de la coca\u00edna\" srcset=\"https:\/\/www.diario21.tv\/noticias\/wp-content\/uploads\/2026\/04\/\u00a1Alerta-en-Ciudad-Real-Chofer-escolar-detenido-por-conducir-tras.jpg 1440w, https:\/\/www.diario21.tv\/noticias\/wp-content\/uploads\/2026\/04\/\u00a1Alerta-en-Ciudad-Real-Chofer-escolar-detenido-por-conducir-tras-300x156.jpg 300w, https:\/\/www.diario21.tv\/noticias\/wp-content\/uploads\/2026\/04\/\u00a1Alerta-en-Ciudad-Real-Chofer-escolar-detenido-por-conducir-tras-1024x533.jpg 1024w, https:\/\/www.diario21.tv\/noticias\/wp-content\/uploads\/2026\/04\/\u00a1Alerta-en-Ciudad-Real-Chofer-escolar-detenido-por-conducir-tras-768x400.jpg 768w\" sizes=\"(max-width: 1440px) 100vw, 1440px\" \/><\/figure>\n\n<h3 class=\"gb-headline gb-headline-5cdeaf67 gb-headline-text\"><a href=\"https:\/\/www.diario21.tv\/noticias\/alerta-en-ciudad-real-chofer-escolar-detenido-por-conducir-tras-consumir-cocaina\/\">\u00a1Alerta en Ciudad Real! Ch\u00f3fer escolar detenido por conducir tras consumir coca\u00edna<\/a><\/h3>\n\n<p class=\"gb-headline gb-headline-ba86a8c6 gb-headline-text\"><time class=\"entry-date published\" datetime=\"2026-04-28T12:38:36+00:00\">28 abril 2026<\/time><\/p>\n\n<p class=\"gb-headline gb-headline-5d2e9b4c gb-headline-text\">Un conductor de autob\u00fas escolar en Ciudad Real es acusado de conducir bajo la influencia &#8230;<\/p>\n<\/div><\/div><\/div>\n<\/div>\n<\/div>\n<\/div><\/div>\n\n<div class=\"gb-grid-column gb-grid-column-f9cbc249 gb-query-loop-item post-7035 post type-post status-publish format-standard has-post-thumbnail hentry category-portada\"><div class=\"gb-container gb-container-f9cbc249 home-grid\">\n<div class=\"gb-container gb-container-123c6c9d\">\n<div class=\"gb-grid-wrapper gb-grid-wrapper-d17de721\">\n<div class=\"gb-grid-column gb-grid-column-93877c08\"><div class=\"gb-container gb-container-93877c08\"><div class=\"gb-inside-container\">\n<figure class=\"gb-block-image gb-block-image-52733bbc\"><img loading=\"lazy\" decoding=\"async\" width=\"1200\" height=\"840\" src=\"https:\/\/www.diario21.tv\/noticias\/wp-content\/uploads\/2026\/04\/\u00a1Increible-Arroz-con-toques-extremenos-triunfa-en-el-festival-de.jpg\" class=\"gb-image-52733bbc\" alt=\"Un arroz con gui\u00f1os extreme\u00f1os gana el festival del arroz de Valencia\" srcset=\"https:\/\/www.diario21.tv\/noticias\/wp-content\/uploads\/2026\/04\/\u00a1Increible-Arroz-con-toques-extremenos-triunfa-en-el-festival-de.jpg 1200w, https:\/\/www.diario21.tv\/noticias\/wp-content\/uploads\/2026\/04\/\u00a1Increible-Arroz-con-toques-extremenos-triunfa-en-el-festival-de-300x210.jpg 300w, https:\/\/www.diario21.tv\/noticias\/wp-content\/uploads\/2026\/04\/\u00a1Increible-Arroz-con-toques-extremenos-triunfa-en-el-festival-de-1024x717.jpg 1024w, https:\/\/www.diario21.tv\/noticias\/wp-content\/uploads\/2026\/04\/\u00a1Increible-Arroz-con-toques-extremenos-triunfa-en-el-festival-de-768x538.jpg 768w\" sizes=\"(max-width: 1200px) 100vw, 1200px\" \/><\/figure>\n\n<h3 class=\"gb-headline gb-headline-5cdeaf67 gb-headline-text\"><a href=\"https:\/\/www.diario21.tv\/noticias\/increible-arroz-con-toques-extremenos-triunfa-en-el-festival-de-valencia\/\">\u00a1Incre\u00edble! Arroz con toques extreme\u00f1os triunfa en el festival de Valencia<\/a><\/h3>\n\n<p class=\"gb-headline gb-headline-ba86a8c6 gb-headline-text\"><time class=\"entry-date published\" datetime=\"2026-04-28T06:38:01+00:00\">28 abril 2026<\/time><\/p>\n\n<p class=\"gb-headline gb-headline-5d2e9b4c gb-headline-text\">Un plato de arroz con toques de Extremadura triunfa en el festival valenciano En una &#8230;<\/p>\n<\/div><\/div><\/div>\n<\/div>\n<\/div>\n<\/div><\/div>\n\n<div class=\"gb-grid-column gb-grid-column-f9cbc249 gb-query-loop-item post-7032 post type-post status-publish format-standard has-post-thumbnail hentry category-portada\"><div class=\"gb-container gb-container-f9cbc249 home-grid\">\n<div class=\"gb-container gb-container-123c6c9d\">\n<div class=\"gb-grid-wrapper gb-grid-wrapper-d17de721\">\n<div class=\"gb-grid-column gb-grid-column-93877c08\"><div class=\"gb-container gb-container-93877c08\"><div class=\"gb-inside-container\">\n<figure class=\"gb-block-image gb-block-image-52733bbc\"><img loading=\"lazy\" decoding=\"async\" width=\"1280\" height=\"1920\" src=\"https:\/\/www.diario21.tv\/noticias\/wp-content\/uploads\/2026\/04\/Alerta-urgente-salmonela-detectada-en-mejillones-espanoles-\u00a1Cuidado.jpg\" class=\"gb-image-52733bbc\" alt=\"Grave alerta desde Italia: salmonela en mejillones procedentes de Espa\u00f1a\" srcset=\"https:\/\/www.diario21.tv\/noticias\/wp-content\/uploads\/2026\/04\/Alerta-urgente-salmonela-detectada-en-mejillones-espanoles-\u00a1Cuidado.jpg 1280w, https:\/\/www.diario21.tv\/noticias\/wp-content\/uploads\/2026\/04\/Alerta-urgente-salmonela-detectada-en-mejillones-espanoles-\u00a1Cuidado-200x300.jpg 200w, https:\/\/www.diario21.tv\/noticias\/wp-content\/uploads\/2026\/04\/Alerta-urgente-salmonela-detectada-en-mejillones-espanoles-\u00a1Cuidado-683x1024.jpg 683w, https:\/\/www.diario21.tv\/noticias\/wp-content\/uploads\/2026\/04\/Alerta-urgente-salmonela-detectada-en-mejillones-espanoles-\u00a1Cuidado-768x1152.jpg 768w, https:\/\/www.diario21.tv\/noticias\/wp-content\/uploads\/2026\/04\/Alerta-urgente-salmonela-detectada-en-mejillones-espanoles-\u00a1Cuidado-1024x1536.jpg 1024w\" sizes=\"(max-width: 1280px) 100vw, 1280px\" \/><\/figure>\n\n<h3 class=\"gb-headline gb-headline-5cdeaf67 gb-headline-text\"><a href=\"https:\/\/www.diario21.tv\/noticias\/alerta-urgente-salmonela-detectada-en-mejillones-espanoles-cuidado\/\">Alerta urgente: salmonela detectada en mejillones espa\u00f1oles \u00a1Cuidado!<\/a><\/h3>\n\n<p class=\"gb-headline gb-headline-ba86a8c6 gb-headline-text\"><time class=\"entry-date published\" datetime=\"2026-04-28T00:36:36+00:00\">28 abril 2026<\/time><\/p>\n\n<p class=\"gb-headline gb-headline-5d2e9b4c gb-headline-text\">Advertencia seria desde Italia: presencia de salmonela en mejillones originarios de Espa\u00f1a En un reciente &#8230;<\/p>\n<\/div><\/div><\/div>\n<\/div>\n<\/div>\n<\/div><\/div>\n\n<div class=\"gb-grid-column gb-grid-column-f9cbc249 gb-query-loop-item post-7029 post type-post status-publish format-standard has-post-thumbnail hentry category-portada\"><div class=\"gb-container gb-container-f9cbc249 home-grid\">\n<div class=\"gb-container gb-container-123c6c9d\">\n<div class=\"gb-grid-wrapper gb-grid-wrapper-d17de721\">\n<div class=\"gb-grid-column gb-grid-column-93877c08\"><div class=\"gb-container gb-container-93877c08\"><div class=\"gb-inside-container\">\n<figure class=\"gb-block-image gb-block-image-52733bbc\"><img loading=\"lazy\" decoding=\"async\" width=\"1200\" height=\"840\" src=\"https:\/\/www.diario21.tv\/noticias\/wp-content\/uploads\/2026\/04\/Doble-luna-llena-en-mayo-descubre-cuando-y-donde-observar.jpg\" class=\"gb-image-52733bbc\" alt=\"Mayo contar\u00e1 con dos lunas llenas: cu\u00e1ndo y d\u00f3nde verlas\" srcset=\"https:\/\/www.diario21.tv\/noticias\/wp-content\/uploads\/2026\/04\/Doble-luna-llena-en-mayo-descubre-cuando-y-donde-observar.jpg 1200w, https:\/\/www.diario21.tv\/noticias\/wp-content\/uploads\/2026\/04\/Doble-luna-llena-en-mayo-descubre-cuando-y-donde-observar-300x210.jpg 300w, https:\/\/www.diario21.tv\/noticias\/wp-content\/uploads\/2026\/04\/Doble-luna-llena-en-mayo-descubre-cuando-y-donde-observar-1024x717.jpg 1024w, https:\/\/www.diario21.tv\/noticias\/wp-content\/uploads\/2026\/04\/Doble-luna-llena-en-mayo-descubre-cuando-y-donde-observar-768x538.jpg 768w\" sizes=\"(max-width: 1200px) 100vw, 1200px\" \/><\/figure>\n\n<h3 class=\"gb-headline gb-headline-5cdeaf67 gb-headline-text\"><a href=\"https:\/\/www.diario21.tv\/noticias\/doble-luna-llena-en-mayo-descubre-cuando-y-donde-observar-este-fenomeno-unico\/\">Doble luna llena en mayo: descubre cu\u00e1ndo y d\u00f3nde observar este fen\u00f3meno \u00fanico<\/a><\/h3>\n\n<p class=\"gb-headline gb-headline-ba86a8c6 gb-headline-text\"><time class=\"entry-date published\" datetime=\"2026-04-27T12:35:29+00:00\">27 abril 2026<\/time><\/p>\n\n<p class=\"gb-headline gb-headline-5d2e9b4c gb-headline-text\">Mayo presentar\u00e1 dos plenilunios: fechas y recomendaciones para observarlos Este pr\u00f3ximo mes de mayo, los &#8230;<\/p>\n<\/div><\/div><\/div>\n<\/div>\n<\/div>\n<\/div><\/div>\n\n<div class=\"gb-grid-column gb-grid-column-f9cbc249 gb-query-loop-item post-7026 post type-post status-publish format-standard has-post-thumbnail hentry category-portada\"><div class=\"gb-container gb-container-f9cbc249 home-grid\">\n<div class=\"gb-container gb-container-123c6c9d\">\n<div class=\"gb-grid-wrapper gb-grid-wrapper-d17de721\">\n<div class=\"gb-grid-column gb-grid-column-93877c08\"><div class=\"gb-container gb-container-93877c08\"><div class=\"gb-inside-container\">\n<figure class=\"gb-block-image gb-block-image-52733bbc\"><img loading=\"lazy\" decoding=\"async\" width=\"1200\" height=\"840\" src=\"https:\/\/www.diario21.tv\/noticias\/wp-content\/uploads\/2026\/04\/Descubre-la-estrategia-endgame-del-tabaco-para-una-generacion-libre.jpg\" class=\"gb-image-52733bbc\" alt=\"As\u00ed es la estrategia &#039;endgame&#039; del tabaco para dar a luz a la primera generaci\u00f3n sin humo\" srcset=\"https:\/\/www.diario21.tv\/noticias\/wp-content\/uploads\/2026\/04\/Descubre-la-estrategia-endgame-del-tabaco-para-una-generacion-libre.jpg 1200w, https:\/\/www.diario21.tv\/noticias\/wp-content\/uploads\/2026\/04\/Descubre-la-estrategia-endgame-del-tabaco-para-una-generacion-libre-300x210.jpg 300w, https:\/\/www.diario21.tv\/noticias\/wp-content\/uploads\/2026\/04\/Descubre-la-estrategia-endgame-del-tabaco-para-una-generacion-libre-1024x717.jpg 1024w, https:\/\/www.diario21.tv\/noticias\/wp-content\/uploads\/2026\/04\/Descubre-la-estrategia-endgame-del-tabaco-para-una-generacion-libre-768x538.jpg 768w\" sizes=\"(max-width: 1200px) 100vw, 1200px\" \/><\/figure>\n\n<h3 class=\"gb-headline gb-headline-5cdeaf67 gb-headline-text\"><a href=\"https:\/\/www.diario21.tv\/noticias\/descubre-la-estrategia-endgame-del-tabaco-para-una-generacion-libre-de-humo\/\">Descubre la estrategia &#8216;endgame&#8217; del tabaco para una generaci\u00f3n libre de humo<\/a><\/h3>\n\n<p class=\"gb-headline gb-headline-ba86a8c6 gb-headline-text\"><time class=\"entry-date published\" datetime=\"2026-04-27T06:34:55+00:00\">27 abril 2026<\/time><\/p>\n\n<p class=\"gb-headline gb-headline-5d2e9b4c gb-headline-text\">Estrategia Final para Erradicar el Consumo de Tabaco En un esfuerzo hist\u00f3rico por eliminar el &#8230;<\/p>\n<\/div><\/div><\/div>\n<\/div>\n<\/div>\n<\/div><\/div>\n<\/div>\n\n<\/div>","protected":false},"excerpt":{"rendered":"","protected":false},"author":16,"featured_media":0,"parent":0,"menu_order":0,"comment_status":"closed","ping_status":"closed","template":"","meta":{"footnotes":""},"class_list":["post-942","page","type-page","status-publish"],"yoast_head":"<!-- This site is optimized with the Yoast SEO plugin v25.6 - https:\/\/yoast.com\/wordpress\/plugins\/seo\/ -->\n<title>Diario 21 - Noticias de Actualidad en Portada y Tendencia<\/title>\n<meta name=\"description\" content=\"Descubre las \u00faltimas noticias de Argentina y el mundo en Diario 21. Informaci\u00f3n actualizada en las categor\u00edas de Portada y Tendencia, mantente al d\u00eda con lo m\u00e1s relevante.\" \/>\n<meta name=\"robots\" content=\"index, follow, max-snippet:-1, max-image-preview:large, max-video-preview:-1\" \/>\n<link rel=\"canonical\" href=\"https:\/\/www.diario21.tv\/noticias\/\" \/>\n<meta property=\"og:locale\" content=\"es_ES\" \/>\n<meta property=\"og:type\" content=\"article\" \/>\n<meta property=\"og:title\" content=\"Diario 21 - Noticias de Actualidad en Portada y Tendencia\" \/>\n<meta property=\"og:description\" content=\"Descubre las \u00faltimas noticias de Argentina y el mundo en Diario 21. Informaci\u00f3n actualizada en las categor\u00edas de Portada y Tendencia, mantente al d\u00eda con lo m\u00e1s relevante.\" \/>\n<meta property=\"og:url\" content=\"https:\/\/www.diario21.tv\/noticias\/\" \/>\n<meta property=\"og:site_name\" content=\"Diario 21\" \/>\n<meta property=\"article:modified_time\" content=\"2024-10-20T15:09:39+00:00\" \/>\n<meta name=\"twitter:card\" content=\"summary_large_image\" \/>\n<meta name=\"twitter:label1\" content=\"Tiempo de lectura\" \/>\n\t<meta name=\"twitter:data1\" content=\"1 minuto\" \/>\n<script type=\"application\/ld+json\" class=\"yoast-schema-graph\">{\"@context\":\"https:\/\/schema.org\",\"@graph\":[{\"@type\":\"WebPage\",\"@id\":\"https:\/\/www.diario21.tv\/noticias\/\",\"url\":\"https:\/\/www.diario21.tv\/noticias\/\",\"name\":\"Diario 21 - Noticias de Actualidad en Portada y Tendencia\",\"isPartOf\":{\"@id\":\"https:\/\/www.diario21.tv\/noticias\/#website\"},\"datePublished\":\"2024-10-20T15:08:57+00:00\",\"dateModified\":\"2024-10-20T15:09:39+00:00\",\"description\":\"Descubre las \u00faltimas noticias de Argentina y el mundo en Diario 21. Informaci\u00f3n actualizada en las categor\u00edas de Portada y Tendencia, mantente al d\u00eda con lo m\u00e1s relevante.\",\"breadcrumb\":{\"@id\":\"https:\/\/www.diario21.tv\/noticias\/#breadcrumb\"},\"inLanguage\":\"es-AR\",\"potentialAction\":[{\"@type\":\"ReadAction\",\"target\":[\"https:\/\/www.diario21.tv\/noticias\/\"]}]},{\"@type\":\"BreadcrumbList\",\"@id\":\"https:\/\/www.diario21.tv\/noticias\/#breadcrumb\",\"itemListElement\":[{\"@type\":\"ListItem\",\"position\":1,\"name\":\"Accueil\",\"item\":\"https:\/\/www.diario21.tv\/noticias\/\"},{\"@type\":\"ListItem\",\"position\":2,\"name\":\"Inicio\"}]},{\"@type\":\"WebSite\",\"@id\":\"https:\/\/www.diario21.tv\/noticias\/#website\",\"url\":\"https:\/\/www.diario21.tv\/noticias\/\",\"name\":\"Diario 21\",\"description\":\"\",\"potentialAction\":[{\"@type\":\"SearchAction\",\"target\":{\"@type\":\"EntryPoint\",\"urlTemplate\":\"https:\/\/www.diario21.tv\/noticias\/?s={search_term_string}\"},\"query-input\":{\"@type\":\"PropertyValueSpecification\",\"valueRequired\":true,\"valueName\":\"search_term_string\"}}],\"inLanguage\":\"es-AR\"}]}<\/script>\n<!-- \/ Yoast SEO plugin. -->","yoast_head_json":{"title":"Diario 21 - Noticias de Actualidad en Portada y Tendencia","description":"Descubre las \u00faltimas noticias de Argentina y el mundo en Diario 21. Informaci\u00f3n actualizada en las categor\u00edas de Portada y Tendencia, mantente al d\u00eda con lo m\u00e1s relevante.","robots":{"index":"index","follow":"follow","max-snippet":"max-snippet:-1","max-image-preview":"max-image-preview:large","max-video-preview":"max-video-preview:-1"},"canonical":"https:\/\/www.diario21.tv\/noticias\/","og_locale":"es_ES","og_type":"article","og_title":"Diario 21 - Noticias de Actualidad en Portada y Tendencia","og_description":"Descubre las \u00faltimas noticias de Argentina y el mundo en Diario 21. Informaci\u00f3n actualizada en las categor\u00edas de Portada y Tendencia, mantente al d\u00eda con lo m\u00e1s relevante.","og_url":"https:\/\/www.diario21.tv\/noticias\/","og_site_name":"Diario 21","article_modified_time":"2024-10-20T15:09:39+00:00","twitter_card":"summary_large_image","twitter_misc":{"Tiempo de lectura":"1 minuto"},"schema":{"@context":"https:\/\/schema.org","@graph":[{"@type":"WebPage","@id":"https:\/\/www.diario21.tv\/noticias\/","url":"https:\/\/www.diario21.tv\/noticias\/","name":"Diario 21 - Noticias de Actualidad en Portada y Tendencia","isPartOf":{"@id":"https:\/\/www.diario21.tv\/noticias\/#website"},"datePublished":"2024-10-20T15:08:57+00:00","dateModified":"2024-10-20T15:09:39+00:00","description":"Descubre las \u00faltimas noticias de Argentina y el mundo en Diario 21. Informaci\u00f3n actualizada en las categor\u00edas de Portada y Tendencia, mantente al d\u00eda con lo m\u00e1s relevante.","breadcrumb":{"@id":"https:\/\/www.diario21.tv\/noticias\/#breadcrumb"},"inLanguage":"es-AR","potentialAction":[{"@type":"ReadAction","target":["https:\/\/www.diario21.tv\/noticias\/"]}]},{"@type":"BreadcrumbList","@id":"https:\/\/www.diario21.tv\/noticias\/#breadcrumb","itemListElement":[{"@type":"ListItem","position":1,"name":"Accueil","item":"https:\/\/www.diario21.tv\/noticias\/"},{"@type":"ListItem","position":2,"name":"Inicio"}]},{"@type":"WebSite","@id":"https:\/\/www.diario21.tv\/noticias\/#website","url":"https:\/\/www.diario21.tv\/noticias\/","name":"Diario 21","description":"","potentialAction":[{"@type":"SearchAction","target":{"@type":"EntryPoint","urlTemplate":"https:\/\/www.diario21.tv\/noticias\/?s={search_term_string}"},"query-input":{"@type":"PropertyValueSpecification","valueRequired":true,"valueName":"search_term_string"}}],"inLanguage":"es-AR"}]}},"_links":{"self":[{"href":"https:\/\/www.diario21.tv\/noticias\/wp-json\/wp\/v2\/pages\/942"}],"collection":[{"href":"https:\/\/www.diario21.tv\/noticias\/wp-json\/wp\/v2\/pages"}],"about":[{"href":"https:\/\/www.diario21.tv\/noticias\/wp-json\/wp\/v2\/types\/page"}],"author":[{"embeddable":true,"href":"https:\/\/www.diario21.tv\/noticias\/wp-json\/wp\/v2\/users\/16"}],"replies":[{"embeddable":true,"href":"https:\/\/www.diario21.tv\/noticias\/wp-json\/wp\/v2\/comments?post=942"}],"version-history":[{"count":4,"href":"https:\/\/www.diario21.tv\/noticias\/wp-json\/wp\/v2\/pages\/942\/revisions"}],"predecessor-version":[{"id":946,"href":"https:\/\/www.diario21.tv\/noticias\/wp-json\/wp\/v2\/pages\/942\/revisions\/946"}],"wp:attachment":[{"href":"https:\/\/www.diario21.tv\/noticias\/wp-json\/wp\/v2\/media?parent=942"}],"curies":[{"name":"wp","href":"https:\/\/api.w.org\/{rel}","templated":true}]}}